{"id":1326,"date":"2023-07-03T11:30:58","date_gmt":"2023-07-03T08:30:58","guid":{"rendered":"https:\/\/www.myscience.fi\/sv\/?page_id=1326"},"modified":"2023-11-03T15:17:04","modified_gmt":"2023-11-03T13:17:04","slug":"science-on-stage-festival-2024-i-abo","status":"publish","type":"page","link":"https:\/\/www.myscience.fi\/sv\/science-on-stage-festival-2024-i-abo\/","title":{"rendered":"Science on Stage -festival 2024 i \u00c5bo"},"content":{"rendered":"\n\n\n<p><a href=\"https:\/\/www.myscience.fi\/science-on-stage\/\">Lue lis\u00e4\u00e4 festivaalista suomeksi.<\/a><\/p>\n\n\n\n<p><strong>Har du, som \u00e4r l\u00e4rare eller sm\u00e5barnspedagog eller jobbar med n\u00e5got annat inom undervisning och fostran, en undervisningsid\u00e9 eller ett exempel p\u00e5 undervisningspraxis som du g\u00e4rna vill dela med dig av till andra?<\/strong><\/p>\n<p>Science on stage-festivalen \u00e4r Europas st\u00f6rsta undervisningsevenemang f\u00f6r l\u00e4rare i matematisk-naturvetenskapliga \u00e4mnen. Syftet med det internationella m\u00e4ssevenemanget \u00e4r att dela med sig av id\u00e9er, l\u00e4ra sig nytt och l\u00e4ra k\u00e4nna internationella kollegor. \u00c5r 2022 bes\u00f6ktes evenemanget av 450 l\u00e4rare fr\u00e5n \u00f6ver 30 olika l\u00e4nder.<\/p>\n<p>\u00c5r 2024 g\u00e5r festivalen av stapeln i \u00c5bo \u2013 i anslutning till de nationella<img loading=\"lazy\" decoding=\"async\" class=\"alignright size-medium wp-image-1128\" src=\"https:\/\/www.myscience.fi\/sv\/files\/2022\/10\/sons_2024_turku_rgb_pos_600-ppi-e1665406956673-300x143.jpg\" alt=\"\" width=\"300\" height=\"143\" srcset=\"https:\/\/www.myscience.fi\/sv\/files\/2022\/10\/sons_2024_turku_rgb_pos_600-ppi-e1665406956673-300x143.jpg 300w, https:\/\/www.myscience.fi\/sv\/files\/2022\/10\/sons_2024_turku_rgb_pos_600-ppi-e1665406956673-1024x487.jpg 1024w, https:\/\/www.myscience.fi\/sv\/files\/2022\/10\/sons_2024_turku_rgb_pos_600-ppi-e1665406956673-768x365.jpg 768w, https:\/\/www.myscience.fi\/sv\/files\/2022\/10\/sons_2024_turku_rgb_pos_600-ppi-e1665406956673.jpg 1200w\" sizes=\"auto, (max-width: 300px) 100vw, 300px\" \/> LUMA-dagarna \u2013, vilket ger finl\u00e4ndska l\u00e4rare en ypperlig m\u00f6jlighet att bekanta sig med sina europeiska kollegor id\u00e9er f\u00f6r undervisning. Temat f\u00f6r festivalen \u00e5r 2024 \u00e4r <em>Sustainability in STEM education<\/em>. <strong>P\u00e5 den h\u00e4r sidan har vi samlat viktig information f\u00f6r dem som vill delta i evenemanget.<\/strong> Du kan l\u00e4sa n\u00e4rmare om sj\u00e4lva evenemanget <a href=\"https:\/\/www.myscience.fi\/sv\/tapahtuma\/science-on-stage-festival-2024\/\">via den h\u00e4r l\u00e4nken<\/a>.<\/p>\n<h2><strong>Hur deltar jag i evenemanget?<\/strong><\/h2>\n<p>Det g\u00e5r att delta i Science on stage-festivalen p\u00e5 tv\u00e5 olika s\u00e4tt:<\/p>\n<ol>\n<li>Man kan ans\u00f6ka om att f\u00e5 presentera ett eget projekt eller ett eget exempel p\u00e5 undervisningspraxis med koppling till undervisning i matematisk-naturvetenskapliga \u00e4mnen. Den som ska presentera ett bidrag har m\u00f6jlighet att delta i allt program under hela evenemanget 12\u201315.8.2024. Resorna till och fr\u00e5n samt kost och logi under evenemanget bekostas f\u00f6r dem som blir utvalda att presentera bidrag p\u00e5 festivalen.<strong><em> Ans\u00f6kningstiden f\u00f6r evenemanget har l\u00f6pt ut.<\/em><\/strong><\/li>\n<li>Det g\u00e5r ocks\u00e5 att delta i evenemanget gratis som vanlig m\u00e4ssbes\u00f6kare under dagen f\u00f6r \u00f6ppet hus, d\u00e5 vem som helst kan bes\u00f6ka festivalen. M\u00e4ssbes\u00f6karnas rese-, \u00f6vernattnings- och matkostnader bekostas inte.<\/li>\n<\/ol>\n<p>Ans\u00f6kningstiden f\u00f6r dem som vill presentera sitt bidrag p\u00e5 festivalen b\u00f6rjar 1.8.2023. Vill du vara bland dem ska du b\u00f6rja med att fylla i ans\u00f6kningsblanketten innan ans\u00f6kningstiden g\u00e5tt ut. Du hittar mer information om ans\u00f6kningsprocessen l\u00e4ngre ned p\u00e5 den h\u00e4r sidan. Till dagen f\u00f6r \u00f6ppet hus beh\u00f6ver man inte anm\u00e4la sig separat. De n\u00e4rmare detaljerna kring dagens program offentligg\u00f6rs n\u00e4r evenemanget n\u00e4rmar sig.<\/p>\n<h2><strong>Vem kan ans\u00f6ka om att f\u00e5 presentera sitt bidrag p\u00e5 festivalen?<\/strong><\/h2>\n<p>Den som ans\u00f6ker om att f\u00e5 presentera undervisningsid\u00e9er eller praxisexempel p\u00e5 festivalen ska vara \u00f6ver 18 \u00e5r gammal och l\u00e4rare, handledare eller studerande eller jobba med n\u00e5got annat inom undervisning och fostran. Under h\u00f6sten 2023 v\u00e4ljer man i Finland ut 30 projekt eller exempel p\u00e5 undervisningspraxis inf\u00f6r festivalen. De som blir utvalda att presentera sina bidrag f\u00e5r delta i hela den fyra dagar l\u00e5nga festivalen. Ett bidrag, som presenteras p\u00e5 festivalen, ska ha en koppling till n\u00e5got av temana f\u00f6r evenemanget nedan. Det \u00e4r ocks\u00e5 m\u00f6jligt att delta med ett projekt som har genomf\u00f6rts redan innan sj\u00e4lva ans\u00f6kningstiden, till exempel h\u00f6sten 2022 eller v\u00e5ren 2023.\u00a0<\/p>\n<h2><strong>Projektteman<\/strong><\/h2>\n<p>Alla projekt ska utg\u00e5 fr\u00e5n unders\u00f6kande undervisning i matematisk-naturvetenskapliga \u00e4mnen (naturvetenskaper, matematik, teknologi och omgivningsl\u00e4ra).<\/p>\n<ul>\n<li style=\"list-style-type: none\">\n<ul>\n<li><strong>\u00c5rskurserna 1\u20136 och sm\u00e5barnspedagogik:<\/strong> Projekten ska fr\u00e4mja undervisningen i matematisk-naturvetenskapliga \u00e4mnen i \u00e5rskurserna 1\u20136 och i sm\u00e5barnspedagogiken, m\u00e5lgruppen \u00e4r speciellt 5\u201312-\u00e5ringar.<\/li>\n<li><strong>H\u00e5llbar utveckling:<\/strong> Projekten ska fr\u00e4mja de globala h\u00e5llbarhetsm\u00e5len.<\/li>\n<li><strong>Digitalisering:<\/strong> Projekten ska ber\u00f6ra till exempel programmering, digital undervisning, IT-f\u00e4rdigheter, artificiell intelligens, virtuell verklighet och hantering av stora datam\u00e4ngder.<\/li>\n<li><strong>M\u00e5ngfald:<\/strong> Projekten ska \u00e5terspegla m\u00e5ngfalden i v\u00e5rt samh\u00e4lle. Till exempel kan man ta upp undervisningsmetoder som f\u00f6r samman elever med olika bakgrund och i olika \u00e5ldrar.<\/li>\n<li><strong>Helhetsskapande undervisning:<\/strong> Projekten kombinerar matematisk-naturvetenskapliga \u00e4mnen med andra \u00e4mnen, s\u00e5som konst\u00e4mnen, musik, gymnastik eller historia.<\/li>\n<li><strong>Undervisning med begr\u00e4nsad budget:<\/strong> Projekt ska kunna genomf\u00f6ras trots begr\u00e4nsade medel.<\/li>\n<li><strong>Nya l\u00e4rare:<\/strong> Projekten har utvecklats under l\u00e4rarstudier eller l\u00e4rarpraktik.<\/li>\n<li><strong>Science on stage-samarbetsprojekt:<\/strong> Projekten har genomf\u00f6rts i samarbete med andra l\u00e4rare inom ramen f\u00f6r projektet Science on Stage Joint Projects.<\/li>\n<\/ul>\n<\/li>\n<\/ul>\n<h2><strong>Hur g\u00f6rs ans\u00f6kan?<\/strong><\/h2>\n<p>F\u00f6r b\u00e5de projekt och praxisexempel g\u00e4ller samma ans\u00f6kningstid: 1.8\u201331.10.2023. <em><strong>Ans\u00f6kningstiden f\u00f6r evenemanget har l\u00f6pt ut.<\/strong><\/em><\/p>\n\n\n\n<div class=\"wp-block-buttons is-layout-flex wp-block-buttons-is-layout-flex\"><\/div>\n\n\n<h2><strong>Evalueringskriterier<\/strong><\/h2>\n<p>De projekt och praxisexempel som presenteras p\u00e5 Science on stage-festivalen ska uppfylla ett eller flera av kriterierna nedan. De ska:<\/p>\n<ul>\n<li>vara skapade av l\u00e4rare f\u00f6r andra l\u00e4rare<\/li>\n<li>fr\u00e4mja unders\u00f6kande undervisning i matematisk-naturvetenskapliga \u00e4mnen (naturvetenskaper, matematik, teknologi och omgivningsl\u00e4ra)<\/li>\n<li>ta utg\u00e5ngspunkt i elevernas vardag eller vara l\u00e4tta att inkludera i undervisningen<\/li>\n<li>vara l\u00e4tta att genomf\u00f6ra med rimliga resurser<\/li>\n<li>eller fr\u00e4mja kunskaperna om h\u00e5llbarhet.<\/li>\n<\/ul>\n<p>D\u00e4rut\u00f6ver \u00f6nskar vi att de utvalda l\u00e4rarna, handledarna eller studerandena har:<\/p>\n<ul>\n<li>m\u00f6jlighet att presentera sitt bidrag p\u00e5 engelska<\/li>\n<li>ett \u00f6ppet sinne inf\u00f6r undervisningspraxisen i andra l\u00e4nder<\/li>\n<li>ett intresse f\u00f6r europeiskt samarbete<\/li>\n<li>ett intresse f\u00f6r att dela med sig av ny undervisningspraxis inom egen skola, eget daghem eller egen inl\u00e4rningsgemenskap.<\/li>\n<\/ul>\n<h2><strong>N\u00e4r och hur evalueras ans\u00f6kningarna?<\/strong><\/h2>\n<p>Det \u00e4r ett team best\u00e5ende av sakkunniga inom LUMA-center Finland-n\u00e4tverket som g\u00e5r igenom ans\u00f6kningarna. Teamet v\u00e4ljer ut de 40 b\u00e4sta ans\u00f6kningarna, varefter styrgruppen f\u00f6r Science on stage Finland v\u00e4ljer ut de slutliga 30 bidrag bland dessa, som f\u00e5r presenteras p\u00e5 festivalen. De resterande 10 s\u00f6kande \u00e4r d\u00e5 p\u00e5 reservplats, ifall n\u00e5gon av de utvalda s\u00f6kande inte har m\u00f6jlighet att delta i evenemanget.<\/p>\n<p>Vi vill uppmuntra l\u00e4rare, handledare och l\u00e4rarstuderande i olika \u00e5ldrar och fr\u00e5n olika h\u00e5ll i Finland att s\u00f6ka. I evalueringen str\u00e4var vi efter att ta h\u00e4nsyn till<\/p>\n<ul>\n<li>olika l\u00e4ro\u00e4mnen och teman<\/li>\n<li>olika utbildningsstadier<\/li>\n<li>skolors, daghems eller andra inl\u00e4rningsgemenskapers hemort.<\/li>\n<\/ul>\n<p>Ans\u00f6kningarna behandlas inom november m\u00e5nad, och de utvalda bidragen meddelas de s\u00f6kande per e-post senast 31.11.2023.<\/p>\n<h2><strong>Vad h\u00e4nder om mitt projekt kommer med p\u00e5 Science on stage-festivalen?<\/strong><\/h2>\n<p>Allra f\u00f6rst kommer vi att gratulera dig! D\u00e4refter ber vi dig ange f\u00f6ljande n\u00e4rmare information om bidraget p\u00e5 engelska med hj\u00e4lp av en blankett senare i vinter:<\/p>\n<ul>\n<li>kort sammanfattning av projektet (h\u00f6gst 700 tecken) p\u00e5 engelska<\/li>\n<li>en poster om projektet eller praxisexemplet p\u00e5 engelska (n\u00e4rmare anvisningar kring postern ges efter ans\u00f6kningsprocessen).<\/li>\n<\/ul>\n<p>Vi l\u00e4gger ut namnen p\u00e5 inl\u00e4rningsgemenskaperna samt titlarna f\u00f6r och beskrivningarna av bidragen p\u00e5 evenemangets webbplats.<\/p>\n<p>N\u00e4r det v\u00e4l \u00e4r dags f\u00f6r evenemanget i augusti 2024, ska du infinna dig i \u00c5bo under festivaldagarna 12\u201315.8.2024. Vi bekostar resebiljetterna eller -kostnaderna, \u00f6vernattningen och matutgifterna under festivaldagarna f\u00f6r en presentat\u00f6r per bidrag. Vi utbetalar inga dagtraktamenten eller ers\u00e4tter utgifter som uppkommer p\u00e5 grund av eventuella vikarier. Programmet p\u00e5 evenemanget \u00e4r avgiftsfritt f\u00f6r deltagarna.<\/p>\n<p>P\u00e5 grund av begr\u00e4nsade resurser kan vi bekosta resekostnaderna endast f\u00f6r en presentat\u00f6r per bidrag. Ifall du vill delta i evenemanget i s\u00e4llskap av en kollega eller en v\u00e4n kan du, om du vill, k\u00f6pa en till evenemangsbiljett i samband med anm\u00e4lan. I biljettpriset ing\u00e5r b\u00e5de kost och logi under festivaldagarna. Biljettbutiken ber\u00e4knar biljettpriset automatiskt, och biljetten ska betalas i samband med anm\u00e4lan. Anm\u00e4lan till evenemanget g\u00f6rs och biljettbutiken \u00f6ppnas i b\u00f6rjan av 2024.<\/p>\n<h2><strong>Program<\/strong><\/h2>\n<p>Ut\u00f6ver presentationsmontrar p\u00e5 m\u00e4ssan bjuder evenemanget p\u00e5 ett m\u00e5ngsidigt program.<\/p>\n<table width=\"713\">\n<tbody>\n<tr>\n<td width=\"61\">\n<p><strong>Tid<\/strong><\/p>\n<\/td>\n<td width=\"121\">\n<p><strong>M\u00e5ndag 12.8<\/strong><\/p>\n<\/td>\n<td width=\"195\">\n<p><strong>Tisdag 13.8<\/strong><\/p>\n<\/td>\n<td width=\"159\">\n<p><strong>Onsdag 14.8<\/strong><\/p>\n<\/td>\n<td width=\"178\">\n<p><strong>Torsdag 15.8<\/strong><\/p>\n<\/td>\n<\/tr>\n<tr>\n<td width=\"61\">\n<p>9\u201310<\/p>\n<\/td>\n<td width=\"121\">\u00a0<\/td>\n<td width=\"195\">\n<p>Huvudanf\u00f6rande p\u00e5 scenen: h\u00e5llbarhet i undervisningen<\/p>\n<\/td>\n<td width=\"159\">\n<p>Huvudanf\u00f6rande p\u00e5 scenen: artificiell intelligens i undervisningen<\/p>\n<\/td>\n<td width=\"178\">\n<p>Huvudanf\u00f6rande p\u00e5 scenen: vetenskapsfostran<\/p>\n<\/td>\n<\/tr>\n<tr>\n<td width=\"61\">\n<p>10\u201311<\/p>\n<\/td>\n<td width=\"121\">\u00a0<\/td>\n<td width=\"195\">\n<p>M\u00e4ssa<\/p>\n<\/td>\n<td width=\"159\">\n<p>M\u00e4ssa<\/p>\n<\/td>\n<td width=\"178\">\n<p>M\u00e4ssa<\/p>\n<\/td>\n<\/tr>\n<tr>\n<td width=\"61\">\n<p>11\u201312<\/p>\n<\/td>\n<td width=\"121\">\u00a0<\/td>\n<td width=\"195\">\n<p>Lunchservering<\/p>\n<\/td>\n<td width=\"159\">\n<p>M\u00e4ssa<\/p>\n<\/td>\n<td width=\"178\">\n<p>M\u00e4ssa<\/p>\n<\/td>\n<\/tr>\n<tr>\n<td width=\"61\">\n<p>12\u201313<\/p>\n<\/td>\n<td width=\"121\">\u00a0<\/td>\n<td width=\"195\">\n<p>Workshoppar<\/p>\n<\/td>\n<td width=\"159\">\n<p>Lunch<\/p>\n<\/td>\n<td width=\"178\">\n<p>Prisutdelningsceremoni<\/p>\n<\/td>\n<\/tr>\n<tr>\n<td width=\"61\">\n<p>13\u201314<\/p>\n<\/td>\n<td width=\"121\">\u00a0<\/td>\n<td width=\"195\">\n<p>M\u00e4ssa<\/p>\n<\/td>\n<td width=\"159\">\n<p>Workshoppar<\/p>\n<\/td>\n<td width=\"178\">\n<p>Avresa och organiserat fritidsprogram<\/p>\n<\/td>\n<\/tr>\n<tr>\n<td width=\"61\">\n<p>14\u201315<\/p>\n<\/td>\n<td width=\"121\">\u00a0<\/td>\n<td width=\"195\">\n<p>M\u00e4ssa<\/p>\n<\/td>\n<td width=\"159\">\n<p>M\u00e4ssa<\/p>\n<\/td>\n<td width=\"178\">\u00a0<\/td>\n<\/tr>\n<tr>\n<td width=\"61\">\n<p>15\u201316<\/p>\n<\/td>\n<td width=\"121\">\n<p>Registrering och uppbyggande av m\u00e4ssmontrar<\/p>\n<\/td>\n<td width=\"195\">\n<p>M\u00e4ssa<\/p>\n<\/td>\n<td width=\"159\">\n<p>M\u00e4ssa<\/p>\n<\/td>\n<td width=\"178\">\u00a0<\/td>\n<\/tr>\n<tr>\n<td width=\"61\">\n<p>16\u201317<\/p>\n<\/td>\n<td width=\"121\">\u00a0<\/td>\n<td width=\"195\">\n<p>Workshoppar<\/p>\n<\/td>\n<td width=\"159\">\n<p>Workshoppar<\/p>\n<\/td>\n<td width=\"178\">\u00a0<\/td>\n<\/tr>\n<tr>\n<td width=\"61\">\n<p>17\u201318<\/p>\n<\/td>\n<td width=\"121\">\n<p>\u00d6ppningsceremoni<\/p>\n<\/td>\n<td width=\"195\">\n<p>Dagens h\u00f6jdpunkter p\u00e5 huvudscenen<\/p>\n<\/td>\n<td width=\"159\">\n<p>Dagens h\u00f6jdpunkter p\u00e5 huvudscenen<\/p>\n<\/td>\n<td width=\"178\">\u00a0<\/td>\n<\/tr>\n<tr>\n<td width=\"61\">\n<p>18\u201319<\/p>\n<\/td>\n<td width=\"121\">\n<p>\u00c5bo stads mottagning<\/p>\n<\/td>\n<td width=\"195\">\n<p>Fritid i \u00c5bo<\/p>\n<\/td>\n<td width=\"159\">\n<p>Festmiddag<\/p>\n<\/td>\n<td width=\"178\">\u00a0<\/td>\n<\/tr>\n<\/tbody>\n<\/table>\n<h2><strong>Har du fr\u00e5gor?<\/strong><\/h2>\n<p>Ta kontakt med oss per e-post via adressen luma-keskus ((at)) helsinki.fi.<\/p>\n<p>Vi f\u00f6rbeh\u00e5ller oss r\u00e4tten till \u00e4ndringar i informationen p\u00e5 sidan.<\/p>","protected":false},"excerpt":{"rendered":"<p>Lue lis\u00e4\u00e4 festivaalista suomeksi. Har du, som \u00e4r l\u00e4rare eller sm\u00e5barnspedagog eller jobbar med n\u00e5got annat inom undervisning och fostran, &#8230; <a title=\"Science on Stage -festival 2024 i \u00c5bo\" class=\"read-more\" href=\"https:\/\/www.myscience.fi\/sv\/science-on-stage-festival-2024-i-abo\/\" aria-label=\"L\u00e4s mer om Science on Stage -festival 2024 i \u00c5bo\">L\u00e4s mera&#8230;<\/a><\/p>\n","protected":false},"author":41,"featured_media":1127,"parent":0,"menu_order":0,"comment_status":"closed","ping_status":"closed","template":"","meta":{"generate_page_header":"","footnotes":""},"class_list":["post-1326","page","type-page","status-publish","has-post-thumbnail"],"yoast_head":"<!-- This site is optimized with the Yoast SEO plugin v25.9 - https:\/\/yoast.com\/wordpress\/plugins\/seo\/ -->\n<title>Science on Stage -festival 2024 i \u00c5bo - LUMA-center Finland<\/title>\n<meta name=\"robots\" content=\"index, follow, max-snippet:-1, max-image-preview:large, max-video-preview:-1\" \/>\n<link rel=\"canonical\" href=\"https:\/\/www.myscience.fi\/sv\/science-on-stage-festival-2024-i-abo\/\" \/>\n<meta property=\"og:locale\" content=\"sv_SE\" \/>\n<meta property=\"og:type\" content=\"article\" \/>\n<meta property=\"og:title\" content=\"Science on Stage -festival 2024 i \u00c5bo - LUMA-center Finland\" \/>\n<meta property=\"og:description\" content=\"Lue lis\u00e4\u00e4 festivaalista suomeksi. Har du, som \u00e4r l\u00e4rare eller sm\u00e5barnspedagog eller jobbar med n\u00e5got annat inom undervisning och fostran, ... L\u00e4s mera...\" \/>\n<meta property=\"og:url\" content=\"https:\/\/www.myscience.fi\/sv\/science-on-stage-festival-2024-i-abo\/\" \/>\n<meta property=\"og:site_name\" content=\"LUMA-center Finland\" \/>\n<meta property=\"article:modified_time\" content=\"2023-11-03T13:17:04+00:00\" \/>\n<meta property=\"og:image\" content=\"https:\/\/www.myscience.fi\/sv\/files\/2022\/10\/ws22024_sons2024_banner_website-e1665406875191.png\" \/>\n\t<meta property=\"og:image:width\" content=\"1200\" \/>\n\t<meta property=\"og:image:height\" content=\"675\" \/>\n\t<meta property=\"og:image:type\" content=\"image\/png\" \/>\n<meta name=\"twitter:card\" content=\"summary_large_image\" \/>\n<meta name=\"twitter:label1\" content=\"Ber\u00e4knad l\u00e4stid\" \/>\n\t<meta name=\"twitter:data1\" content=\"7 minuter\" \/>\n<script type=\"application\/ld+json\" class=\"yoast-schema-graph\">{\"@context\":\"https:\/\/schema.org\",\"@graph\":[{\"@type\":\"WebPage\",\"@id\":\"https:\/\/www.myscience.fi\/sv\/science-on-stage-festival-2024-i-abo\/\",\"url\":\"https:\/\/www.myscience.fi\/sv\/science-on-stage-festival-2024-i-abo\/\",\"name\":\"Science on Stage -festival 2024 i \u00c5bo - LUMA-center Finland\",\"isPartOf\":{\"@id\":\"https:\/\/www.myscience.fi\/sv\/#website\"},\"primaryImageOfPage\":{\"@id\":\"https:\/\/www.myscience.fi\/sv\/science-on-stage-festival-2024-i-abo\/#primaryimage\"},\"image\":{\"@id\":\"https:\/\/www.myscience.fi\/sv\/science-on-stage-festival-2024-i-abo\/#primaryimage\"},\"thumbnailUrl\":\"https:\/\/www.myscience.fi\/sv\/files\/2022\/10\/ws22024_sons2024_banner_website-e1665406875191.png\",\"datePublished\":\"2023-07-03T08:30:58+00:00\",\"dateModified\":\"2023-11-03T13:17:04+00:00\",\"breadcrumb\":{\"@id\":\"https:\/\/www.myscience.fi\/sv\/science-on-stage-festival-2024-i-abo\/#breadcrumb\"},\"inLanguage\":\"sv-SE\",\"potentialAction\":[{\"@type\":\"ReadAction\",\"target\":[\"https:\/\/www.myscience.fi\/sv\/science-on-stage-festival-2024-i-abo\/\"]}]},{\"@type\":\"ImageObject\",\"inLanguage\":\"sv-SE\",\"@id\":\"https:\/\/www.myscience.fi\/sv\/science-on-stage-festival-2024-i-abo\/#primaryimage\",\"url\":\"https:\/\/www.myscience.fi\/sv\/files\/2022\/10\/ws22024_sons2024_banner_website-e1665406875191.png\",\"contentUrl\":\"https:\/\/www.myscience.fi\/sv\/files\/2022\/10\/ws22024_sons2024_banner_website-e1665406875191.png\",\"width\":1200,\"height\":675,\"caption\":\"Science on Stage-festivalen ordnas i \u00c5bo 12.8\u201315.8.2024.\"},{\"@type\":\"BreadcrumbList\",\"@id\":\"https:\/\/www.myscience.fi\/sv\/science-on-stage-festival-2024-i-abo\/#breadcrumb\",\"itemListElement\":[{\"@type\":\"ListItem\",\"position\":1,\"name\":\"Etusivu\",\"item\":\"https:\/\/www.myscience.fi\/sv\/\"},{\"@type\":\"ListItem\",\"position\":2,\"name\":\"Science on Stage -festival 2024 i \u00c5bo\"}]},{\"@type\":\"WebSite\",\"@id\":\"https:\/\/www.myscience.fi\/sv\/#website\",\"url\":\"https:\/\/www.myscience.fi\/sv\/\",\"name\":\"LUMA-center Finland\",\"description\":\"Ett n\u00e4tverk av finska universitet f\u00f6r att fr\u00e4mja vetenskap- och teknikfostran\",\"publisher\":{\"@id\":\"https:\/\/www.myscience.fi\/sv\/#organization\"},\"potentialAction\":[{\"@type\":\"SearchAction\",\"target\":{\"@type\":\"EntryPoint\",\"urlTemplate\":\"https:\/\/www.myscience.fi\/sv\/?s={search_term_string}\"},\"query-input\":{\"@type\":\"PropertyValueSpecification\",\"valueRequired\":true,\"valueName\":\"search_term_string\"}}],\"inLanguage\":\"sv-SE\"},{\"@type\":\"Organization\",\"@id\":\"https:\/\/www.myscience.fi\/sv\/#organization\",\"name\":\"LUMA-center Finland\",\"url\":\"https:\/\/www.myscience.fi\/sv\/\",\"logo\":{\"@type\":\"ImageObject\",\"inLanguage\":\"sv-SE\",\"@id\":\"https:\/\/www.myscience.fi\/sv\/#\/schema\/logo\/image\/\",\"url\":\"https:\/\/www.myscience.fi\/sv\/files\/2022\/05\/luma_flower-multicolored_text-black-horizontal-sv.png\",\"contentUrl\":\"https:\/\/www.myscience.fi\/sv\/files\/2022\/05\/luma_flower-multicolored_text-black-horizontal-sv.png\",\"width\":1927,\"height\":557,\"caption\":\"LUMA-center Finland\"},\"image\":{\"@id\":\"https:\/\/www.myscience.fi\/sv\/#\/schema\/logo\/image\/\"}}]}<\/script>\n<!-- \/ Yoast SEO plugin. -->","yoast_head_json":{"title":"Science on Stage -festival 2024 i \u00c5bo - LUMA-center Finland","robots":{"index":"index","follow":"follow","max-snippet":"max-snippet:-1","max-image-preview":"max-image-preview:large","max-video-preview":"max-video-preview:-1"},"canonical":"https:\/\/www.myscience.fi\/sv\/science-on-stage-festival-2024-i-abo\/","og_locale":"sv_SE","og_type":"article","og_title":"Science on Stage -festival 2024 i \u00c5bo - LUMA-center Finland","og_description":"Lue lis\u00e4\u00e4 festivaalista suomeksi. Har du, som \u00e4r l\u00e4rare eller sm\u00e5barnspedagog eller jobbar med n\u00e5got annat inom undervisning och fostran, ... L\u00e4s mera...","og_url":"https:\/\/www.myscience.fi\/sv\/science-on-stage-festival-2024-i-abo\/","og_site_name":"LUMA-center Finland","article_modified_time":"2023-11-03T13:17:04+00:00","og_image":[{"width":1200,"height":675,"url":"https:\/\/www.myscience.fi\/sv\/files\/2022\/10\/ws22024_sons2024_banner_website-e1665406875191.png","type":"image\/png"}],"twitter_card":"summary_large_image","twitter_misc":{"Ber\u00e4knad l\u00e4stid":"7 minuter"},"schema":{"@context":"https:\/\/schema.org","@graph":[{"@type":"WebPage","@id":"https:\/\/www.myscience.fi\/sv\/science-on-stage-festival-2024-i-abo\/","url":"https:\/\/www.myscience.fi\/sv\/science-on-stage-festival-2024-i-abo\/","name":"Science on Stage -festival 2024 i \u00c5bo - LUMA-center Finland","isPartOf":{"@id":"https:\/\/www.myscience.fi\/sv\/#website"},"primaryImageOfPage":{"@id":"https:\/\/www.myscience.fi\/sv\/science-on-stage-festival-2024-i-abo\/#primaryimage"},"image":{"@id":"https:\/\/www.myscience.fi\/sv\/science-on-stage-festival-2024-i-abo\/#primaryimage"},"thumbnailUrl":"https:\/\/www.myscience.fi\/sv\/files\/2022\/10\/ws22024_sons2024_banner_website-e1665406875191.png","datePublished":"2023-07-03T08:30:58+00:00","dateModified":"2023-11-03T13:17:04+00:00","breadcrumb":{"@id":"https:\/\/www.myscience.fi\/sv\/science-on-stage-festival-2024-i-abo\/#breadcrumb"},"inLanguage":"sv-SE","potentialAction":[{"@type":"ReadAction","target":["https:\/\/www.myscience.fi\/sv\/science-on-stage-festival-2024-i-abo\/"]}]},{"@type":"ImageObject","inLanguage":"sv-SE","@id":"https:\/\/www.myscience.fi\/sv\/science-on-stage-festival-2024-i-abo\/#primaryimage","url":"https:\/\/www.myscience.fi\/sv\/files\/2022\/10\/ws22024_sons2024_banner_website-e1665406875191.png","contentUrl":"https:\/\/www.myscience.fi\/sv\/files\/2022\/10\/ws22024_sons2024_banner_website-e1665406875191.png","width":1200,"height":675,"caption":"Science on Stage-festivalen ordnas i \u00c5bo 12.8\u201315.8.2024."},{"@type":"BreadcrumbList","@id":"https:\/\/www.myscience.fi\/sv\/science-on-stage-festival-2024-i-abo\/#breadcrumb","itemListElement":[{"@type":"ListItem","position":1,"name":"Etusivu","item":"https:\/\/www.myscience.fi\/sv\/"},{"@type":"ListItem","position":2,"name":"Science on Stage -festival 2024 i \u00c5bo"}]},{"@type":"WebSite","@id":"https:\/\/www.myscience.fi\/sv\/#website","url":"https:\/\/www.myscience.fi\/sv\/","name":"LUMA-center Finland","description":"Ett n\u00e4tverk av finska universitet f\u00f6r att fr\u00e4mja vetenskap- och teknikfostran","publisher":{"@id":"https:\/\/www.myscience.fi\/sv\/#organization"},"potentialAction":[{"@type":"SearchAction","target":{"@type":"EntryPoint","urlTemplate":"https:\/\/www.myscience.fi\/sv\/?s={search_term_string}"},"query-input":{"@type":"PropertyValueSpecification","valueRequired":true,"valueName":"search_term_string"}}],"inLanguage":"sv-SE"},{"@type":"Organization","@id":"https:\/\/www.myscience.fi\/sv\/#organization","name":"LUMA-center Finland","url":"https:\/\/www.myscience.fi\/sv\/","logo":{"@type":"ImageObject","inLanguage":"sv-SE","@id":"https:\/\/www.myscience.fi\/sv\/#\/schema\/logo\/image\/","url":"https:\/\/www.myscience.fi\/sv\/files\/2022\/05\/luma_flower-multicolored_text-black-horizontal-sv.png","contentUrl":"https:\/\/www.myscience.fi\/sv\/files\/2022\/05\/luma_flower-multicolored_text-black-horizontal-sv.png","width":1927,"height":557,"caption":"LUMA-center Finland"},"image":{"@id":"https:\/\/www.myscience.fi\/sv\/#\/schema\/logo\/image\/"}}]}},"_links":{"self":[{"href":"https:\/\/www.myscience.fi\/sv\/wp-json\/wp\/v2\/pages\/1326","targetHints":{"allow":["GET"]}}],"collection":[{"href":"https:\/\/www.myscience.fi\/sv\/wp-json\/wp\/v2\/pages"}],"about":[{"href":"https:\/\/www.myscience.fi\/sv\/wp-json\/wp\/v2\/types\/page"}],"author":[{"embeddable":true,"href":"https:\/\/www.myscience.fi\/sv\/wp-json\/wp\/v2\/users\/41"}],"replies":[{"embeddable":true,"href":"https:\/\/www.myscience.fi\/sv\/wp-json\/wp\/v2\/comments?post=1326"}],"version-history":[{"count":12,"href":"https:\/\/www.myscience.fi\/sv\/wp-json\/wp\/v2\/pages\/1326\/revisions"}],"predecessor-version":[{"id":1421,"href":"https:\/\/www.myscience.fi\/sv\/wp-json\/wp\/v2\/pages\/1326\/revisions\/1421"}],"wp:featuredmedia":[{"embeddable":true,"href":"https:\/\/www.myscience.fi\/sv\/wp-json\/wp\/v2\/media\/1127"}],"wp:attachment":[{"href":"https:\/\/www.myscience.fi\/sv\/wp-json\/wp\/v2\/media?parent=1326"}],"curies":[{"name":"wp","href":"https:\/\/api.w.org\/{rel}","templated":true}]}}